{"version":"1.0","provider_name":"Any\u00e1knak - Any\u00e1t\u00f3l ! ","provider_url":"https:\/\/anyafigyelj.cafeblog.hu","author_name":"Jucus","author_url":"https:\/\/anyafigyelj.cafeblog.hu\/author\/j-pivnyikgmail-com\/","title":"A legjobb fogkr\u00e9m - m\u00e9g ha cs\u00edp is","html":"<p style=\"text-align: justify;\">Sajnos van egy rossz tulajdons\u00e1ga a fluoridos fogkr\u00e9meknek: ha nem rendeltet\u00e9s szer\u0171en haszn\u00e1lj\u00e1k, okoznak n\u00e9mi probl\u00e9m\u00e1t.\r\nNevezetesen: ha lenyelik, bebarnul a fog t\u0151le\u2026 Paradox?<\/p>\r\n<p style=\"text-align: justify;\">Na j\u00f3, ez a legkevesebb.<a href=\"http:\/\/anyafigyelj.files.wordpress.com\/2012\/08\/fogak.jpg\"><img class=\"alignright\" title=\"fogak-vedelme\" src=\"http:\/\/anyafigyelj.files.wordpress.com\/2012\/08\/fogak.jpg?w=180&amp;h=163\" alt=\"Fogakat ev\u0151 fog-s\u00fctik\" width=\"180\" height=\"163\" \/><\/a><\/p>\r\n<p style=\"text-align: justify;\">Igaz \u2026\u00a0 de nem \u00e9pp barnul\u00e1s ellen harcolunk? Ja, nem. A fogny\u0171v\u0151 man\u00f3k ellen. (Vajh a l\u00e1nyom honnan tudja, mi az a ny\u0171v\u00e9s?)<\/p>\r\n<p style=\"text-align: justify;\">Az Elmex-et veszem, mert az akt\u00edv flouros. De megint nem j\u00f3l v\u00e1lasztottam? Ahhhaaa\u2026 ezek a fr\u00e1nya sz\u00e1mok\u2026 N\u00e9zz\u00e9tek csak!<\/p>\r\n<p style=\"text-align: justify;\">Kim\u00e1soltam n\u00e9h\u00e1ny hasznos inf\u00f3t a fogmos\u00e1sr\u00f3l <a title=\"Doc-TOP\" href=\"http:\/\/doctop.hu\/index.php?m_id=kerdezzen_12\" target=\"_blank\">innen:<\/a><\/p>\r\n\r\n<blockquote>\r\n<p style=\"text-align: justify;\"><em>\u201cAmennyiben a sz\u00e1jban m\u00e1r megl\u00e9v\u0151 fogakat szeretn\u00e9nk meger\u0151s\u00edteni, ehhez mindenk\u00e9ppen fluoridot kell juttatnunk a fogfelsz\u00ednekre. <\/em><em>Az ut\u00f3bbi egy-k\u00e9t \u00e9v kutat\u00e1sai igazolt\u00e1k, hogy a gyermekfogkr\u00e9mekben tal\u00e1lhat\u00f3 kisebb koncentr\u00e1ci\u00f3j\u00fa fluorid nem igaz\u00e1n hat\u00e1sos. Ahhoz, hogy a fogszuvasod\u00e1snak ellen\u00e1lljanak a fogak, a feln\u0151tt fogkr\u00e9mek koncentr\u00e1ci\u00f3ja sz\u00fcks\u00e9ges. Ennek eredm\u00e9nyek\u00e9nt egyre t\u00f6bb magas fluoridtartalm\u00fa gyermekfogkr\u00e9m jelenik meg a piacon, b\u00e1r k\u00e9ts\u00e9gtelen, hogy a 6 \u00e9ves kor felettiek sz\u00e1m\u00e1ra tervezik \u0151ket, mert fontos, hogy j\u00f3l ki kell \u00f6bl\u00edteni a fogmos\u00e1s ut\u00e1n a gyermek sz\u00e1j\u00e1t. Ezzel egy\u00fctt ezekb\u0151l a paszt\u00e1kb\u00f3l v\u00e1lasszon egy kev\u00e9sb\u00e9 cs\u00edp\u0151set \u00e9s a fogkefes\u00f6rt\u00e9ket \u00e9pp, hogy csak \u00e9rintse hozz\u00e1 a paszt\u00e1hoz. Ha m\u00e1r megy az \u00f6bl\u00edt\u00e9s (leveg\u0151vel gyakorolj\u00e1k el\u0151sz\u00f6r), akkor a fogkef\u00e9re bors\u00f3nyi fogkr\u00e9met tehet\u00fcnk. Teljes fogkefehosszban a gyermek fogkef\u00e9j\u00e9re 6 \u00e9ves kor felett tegy\u00fcnk fogkr\u00e9met.<\/em>\u2026<em>Egyszer\u0171en arr\u00f3l van sz\u00f3, hogy kevesebb adal\u00e9kanyag magasabb koncentr\u00e1ci\u00f3ban tartalmaz fluort. N\u00e9zze a \u201cppm\u201d sz\u00e1mot. A\u00a0hat\u00e9konys\u00e1g az 1000 ppm k\u00f6rny\u00e9k\u00e9n jelenik meg, a feln\u0151tt fogkr\u00e9mek\u00a01400-1500 ppm fluoridot tartalmaznak.\u201d<\/em> ( A gyermek 1-6 \u00e9vig ELMEX is csak 500 ppm, de a 6-12 \u00e9vesig 1400 ppm, \u00e9pp mint a feln\u0151ttekn\u00e9l! Az ELMES G\u00e9l 12500 ppm!\u00a0 )<em>\r\n<\/em>\u201c<em>Ha m\u00e1r megtanult a gyermek r\u00e1g\u00f3zni, ev\u00e9s ut\u00e1n adjunk neki xilit tartalm\u00fa r\u00e1g\u00f3gumit. Ez serkenti a ny\u00e1ltermel\u00e9st, \u00edgy a savakat lemossuk a fogfelsz\u00ednekr\u0151l. Egyidej\u0171leg a ny\u00e1lban l\u00e9v\u0151 foszfor \u00e9s kalcium be\u00e9p\u00fcl a fogzom\u00e1ncba. <\/em>\u2026<em><em>Az a fontos, hogy az \u00e9dess\u00e9g egy desszert.<\/em> Vagyis nem \u00f6n\u00e1ll\u00f3an, hanem mindig \u00e9tkez\u00e9s ut\u00e1n kell fogyasztani, amikor a fogak m\u00e9g zs\u00edrosak \u00e9s nem ragad oda hozz\u00e1juk az \u00e9dess\u00e9g.\u201d<\/em><\/p>\r\n<\/blockquote>\r\n<p style=\"text-align: justify;\">H\u00e1t igen, \u00e9n is erre gondolok! Veszem az egyik legdr\u00e1g\u00e1bb fogkr\u00e9met, hogy majd haszn\u00e1l, \u00e9s erre kider\u00fcl, hogy nem is azt a koroszt\u00e1lyos kellene. Azaz haszn\u00e1l, de nem annyira, mint szeretn\u00e9m. M\u00e1t\u00f3l megkapja az id\u0151sebbeknek val\u00f3t, a 6 \u00e9veseknek sz\u00e1ntat. Azt majd legal\u00e1bb kik\u00f6pi!<em> F\u00fa\u00fa\u00fa\u00faj, Anya, cs\u00ed\u00ed\u00ed\u00ed\u00edp!<\/em><\/p>\r\n<p style=\"text-align: justify;\">Na igen, ha pedig azt hiszed, szuvasodik, el\u0151fordulhat, hogy csak majszolta a fogkr\u00e9met! De ki tud ez m\u00e9g feh\u00e9redni, fel a fejjel! Csak k\u00f6pj\u00f6n!<\/p>\r\n<p style=\"text-align: justify;\">N\u00e1lunk is kifeh\u00e9redett a nagyobbn\u00e1l. A kicsinek pedig m\u00e1r sz\u00e9pen s\u00e1rgul.<\/p>\r\n\r\n<blockquote>\r\n<p style=\"text-align: center;\">De legal\u00e1bb mossuk! Elmex-szel!<\/p>\r\n<\/blockquote>","type":"rich"}