{"version":"1.0","provider_name":"Any\u00e1knak - Any\u00e1t\u00f3l ! ","provider_url":"https:\/\/anyafigyelj.cafeblog.hu","author_name":"Jucus","author_url":"https:\/\/anyafigyelj.cafeblog.hu\/author\/j-pivnyikgmail-com\/","title":"Ide\u00e1lis lakhely!","html":"Ide\u00e1lis lakhely: ________________________\r\n<p style=\"text-align: justify;\">Na de kinek? N\u0151knek? F\u00e9rfiknak? P\u00e1roknak? Fiatal h\u00e1zasoknak? Kis csal\u00e1dosoknak? Nagy csal\u00e1dosoknak? T\u00f6bb gener\u00e1ci\u00f3s csal\u00e1doknak vagy a mag\u00e1ra maradt kisgyermekeseknek ?<\/p>\r\n<p style=\"text-align: justify;\">\u00c9n a mag\u00e1ra maradt kisgyermekeseket v\u00e1lasztom, hiszen n\u00e1luk a lak\u00e1s nagy sz\u00fcks\u00e9gben egyet jelent a kik\u00e9pz\u0151 k\u00f6zponttal, a k\u0151b\u00e1ny\u00e1val, a vid\u00e1mparkkal, a menz\u00e1val, a panzi\u00f3val \u00e9s a fegyh\u00e1zzal. Egyszerre. Mint egy multifunkci\u00f3s csodapalota.<\/p>\r\nH\u00e1t nem csod\u00e1latos??\r\n\r\n<a href=\"http:\/\/anyafigyelj.files.wordpress.com\/2012\/08\/image-ashx.jpg\"><img title=\"\u00c1lomh\u00e1z\" src=\"http:\/\/anyafigyelj.files.wordpress.com\/2012\/08\/image-ashx.jpg\" alt=\"\" width=\"450\" height=\"348\" \/><\/a>","type":"rich"}